{"id":140,"date":"2020-04-04T14:10:37","date_gmt":"2020-04-04T12:10:37","guid":{"rendered":"https:\/\/promotionskolleg-migration.de\/?page_id=140"},"modified":"2021-03-05T09:14:15","modified_gmt":"2021-03-05T08:14:15","slug":"king","status":"publish","type":"page","link":"https:\/\/promotionskolleg-migration.de\/en\/ueber-uns\/leitung\/king\/","title":{"rendered":"Prof. Dr. Vera King"},"content":{"rendered":"<h4><strong><a href=\"https:\/\/promotionskolleg-migration.de\/en\/veranstaltungen-2\/\">Current Events<\/a><\/strong><\/h4>\n<h2>Prof. Dr. Vera King (Speaker)<\/h2>\n<h4><a href=\"https:\/\/promotionskolleg-migration.de\/en\/veranstaltungen-2\/\">Current Events<\/a><\/h4>\n<p>\t\t\t\t\t\t\t\t\t\t<img decoding=\"async\" width=\"180\" height=\"120\" data-src=\"https:\/\/promotionskolleg-migration.de\/wp-content\/uploads\/2020\/10\/King_180.png\" alt=\"Vera King Portrait\" data-srcset=\"https:\/\/promotionskolleg-migration.de\/wp-content\/uploads\/2020\/10\/King_180.png 180w, https:\/\/promotionskolleg-migration.de\/wp-content\/uploads\/2020\/10\/King_180-16x12.png 16w\" data-sizes=\"(max-width: 180px) 100vw, 180px\" src=\"data:image\/svg+xml;base64,PHN2ZyB3aWR0aD0iMSIgaGVpZ2h0PSIxIiB4bWxucz0iaHR0cDovL3d3dy53My5vcmcvMjAwMC9zdmciPjwvc3ZnPg==\" class=\"lazyload\" style=\"--smush-placeholder-width: 180px; --smush-placeholder-aspect-ratio: 180\/120;\" \/>\t\t\t\t\t\t\t\t\t\t\t<\/p>\n<p><strong>Professor of Sociology and Psychoanalytic Social Psychology, Goethe University Frankfurt a.M.<\/strong><\/p>\n<p><strong>Managing Director of the Sigmund Freud Institute, Frankfurt a.M.<\/strong><\/p>\n<p><b>\u00a0<\/b><\/p>\n<h5><strong>Address:<\/strong><\/h5>\n<p><em>Goethe University Frankfurt\/M.<\/em><br \/>Fachbereich Gesellschaftswissenschaften<br \/>Institut f\u00fcr Soziologie<\/p>\n<p>PEG-Geb\u00e4ude Campus Westend<br \/>Theodor-W.-Adorno-Platz 6\u00a0<br \/>60629 Frankfurt am Main<\/p>\n<p><em>Sigmund Freud Institute<\/em><br \/>Forschungsinstitut f\u00fcr Psychoanalyse und ihre Anwendungen<\/p>\n<p>Myliusstr. 20<\/p>\n<p>60323 Frankfurt am Main<\/p>\n<h5>\u00a0<\/h5>\n<h5><strong>Contact<\/strong><\/h5>\n<p>Mail:\u00a0<a href=\"mailto:king@soz.uni-frankfurt.de\">king@soz.uni-frankfurt.de<\/a><\/p>\n<h5>\u00a0<\/h5>\n<h5><strong><a href=\"https:\/\/www.fb03.uni-frankfurt.de\/83975525\/Prof__Dr__Vera_King\" target=\"_blank\" rel=\"noopener\">\u2192 visit Prof. Dr. King's university website<\/a><\/strong><\/h5>\n<h4>Contact<\/h4>\n<p><strong>\u00a0<\/strong><\/p>\n<p><strong>Prof. Dr. Vera King<\/strong><\/p>\n<p>E-Mail:\u00a0<a style=\"font-size: 12px; font-style: normal; font-weight: 400; background-color: #ececed;\" href=\"mailto:king@soz.uni-frankfurt.de\">king@soz.uni-frankfurt.de<\/a><\/p>\n<p>\u00a0<\/p>\n<p><strong style=\"font-size: 12px; color: var( --e-global-color-text ); font-family: var( --e-global-typography-text-font-family ), Sans-serif;\">Secretariat Goethe University<\/strong><\/p>\n<p>Daniela Charlesworth<br \/>PEG-Geb\u00e4ude Campus Westend<br \/>Theodor-W.-Adorno-Platz 6 \/ PF 33<br \/>60629 Frankfurt am Main<br \/>Room PEG 3.016<\/p>\n<p>Tel. +69 798 36530<br \/><a href=\"mailto:Charlesworth@soz.uni-frankfurt.de\">charlesworth@soz.uni-frankfurt.de<\/a><\/p>\n<p style=\"font-size: 12px; font-style: normal; font-weight: 400;\">\u00a0<\/p>\n<p style=\"font-size: 12px; font-style: normal; font-weight: 400;\">Secretariat Sigmund Freud Institute<\/p>\n<p style=\"font-size: 12px; font-style: normal; font-weight: 400;\">Sonja Helfmann<br \/>Myliusstra\u00dfe 20<br \/>60323 Frankfurt<\/p>\n<p style=\"font-size: 14px; font-style: normal; font-weight: 400;\">3rd floor, room 3.12<\/p>\n<p style=\"font-size: 14px; font-style: normal; font-weight: 400;\">Tel. 069-971 204-148<\/p>\n<p style=\"font-size: 14px; font-style: normal; font-weight: 400;\"><a style=\"font-size: 12px; font-style: normal; font-weight: 400; background-color: #ececed;\" href=\"mailto:helfmann@sigmund-freud-institut.de\" target=\"_blank\" rel=\"noopener\">helfmann@sigmund-freud-institut.de<\/a><\/p>\n<h5><strong>Secretariat<\/strong><\/h5>\n<p><strong>at the University of Kassel:<\/strong><\/p>\n<p>Daniela Charlesworth<\/p>\n<p>Tel. +69 798 36530<br \/><a href=\"mailto:charlesworth@soz.uni-frankfurt.de\">charlesworth@soz.uni-frankfurt.de<\/a><\/p>\n<p><strong>at the Sigmund Freud Institute:<\/strong><\/p>\n<p>Sonja Helfmann<\/p>\n<p>Tel.: +49 69 971204-148<br \/><a href=\"mailto:helfmann@sigmund-freud-institut.de\" target=\"_blank\" rel=\"noopener\">helfmann@sigmund-freud-institut.de<\/a><\/p>\n<h4><strong><a href=\"https:\/\/promotionskolleg-migration.de\/en\/veranstaltungen-2\/\">Current Events<\/a><\/strong><\/h4>","protected":false},"excerpt":{"rendered":"<p>Aktuelle Veranstaltungen Prof. Dr. Vera King (Sprecherin) Aktuelle Veranstaltungen Professur f\u00fcr Soziologie und psychoanalytische Sozialpsychologie, Goethe-Universit\u00e4t Frankfurt a.M. Gesch\u00e4ftsf\u00fchrende Direktorin des Sigmund-Freud-Instituts, Frankfurt a.M. \u00a0 Anschrift Goethe-Universit\u00e4t Frankfurt am MainFachbereich GesellschaftswissenschaftenInstitut f\u00fcr Soziologie PEG-Geb\u00e4ude Campus WestendTheodor-W.-Adorno-Platz 6\u00a060629 Frankfurt am Main Sigmund-Freud-InstitutForschungsinstitut f\u00fcr Psychoanalyse und ihre Anwendungen Myliusstr. 20 60323 Frankfurt am Main \u00a0 Kontakt Mail:\u00a0king@soz.uni-frankfurt.de [&hellip;]<\/p>\n","protected":false},"author":6,"featured_media":0,"parent":25,"menu_order":0,"comment_status":"closed","ping_status":"closed","template":"elementor_canvas","meta":{"site-sidebar-layout":"default","site-content-layout":"page-builder","ast-site-content-layout":"default","site-content-style":"default","site-sidebar-style":"default","ast-global-header-display":"","ast-banner-title-visibility":"","ast-main-header-display":"","ast-hfb-above-header-display":"","ast-hfb-below-header-display":"","ast-hfb-mobile-header-display":"","site-post-title":"disabled","ast-breadcrumbs-content":"","ast-featured-img":"disabled","footer-sml-layout":"","ast-disable-related-posts":"","theme-transparent-header-meta":"default","adv-header-id-meta":"","stick-header-meta":"","header-above-stick-meta":"","header-main-stick-meta":"","header-below-stick-meta":"","astra-migrate-meta-layouts":"default","ast-page-background-enabled":"default","ast-page-background-meta":{"desktop":{"background-color":"","background-image":"","background-repeat":"repeat","background-position":"center center","background-size":"auto","background-attachment":"scroll","background-type":"","background-media":"","overlay-type":"","overlay-color":"","overlay-opacity":"","overlay-gradient":""},"tablet":{"background-color":"","background-image":"","background-repeat":"repeat","background-position":"center center","background-size":"auto","background-attachment":"scroll","background-type":"","background-media":"","overlay-type":"","overlay-color":"","overlay-opacity":"","overlay-gradient":""},"mobile":{"background-color":"","background-image":"","background-repeat":"repeat","background-position":"center center","background-size":"auto","background-attachment":"scroll","background-type":"","background-media":"","overlay-type":"","overlay-color":"","overlay-opacity":"","overlay-gradient":""}},"ast-content-background-meta":{"desktop":{"background-color":"var(--ast-global-color-5)","background-image":"","background-repeat":"repeat","background-position":"center center","background-size":"auto","background-attachment":"scroll","background-type":"","background-media":"","overlay-type":"","overlay-color":"","overlay-opacity":"","overlay-gradient":""},"tablet":{"background-color":"var(--ast-global-color-5)","background-image":"","background-repeat":"repeat","background-position":"center center","background-size":"auto","background-attachment":"scroll","background-type":"","background-media":"","overlay-type":"","overlay-color":"","overlay-opacity":"","overlay-gradient":""},"mobile":{"background-color":"var(--ast-global-color-5)","background-image":"","background-repeat":"repeat","background-position":"center center","background-size":"auto","background-attachment":"scroll","background-type":"","background-media":"","overlay-type":"","overlay-color":"","overlay-opacity":"","overlay-gradient":""}},"footnotes":""},"_links":{"self":[{"href":"https:\/\/promotionskolleg-migration.de\/en\/wp-json\/wp\/v2\/pages\/140"}],"collection":[{"href":"https:\/\/promotionskolleg-migration.de\/en\/wp-json\/wp\/v2\/pages"}],"about":[{"href":"https:\/\/promotionskolleg-migration.de\/en\/wp-json\/wp\/v2\/types\/page"}],"author":[{"embeddable":true,"href":"https:\/\/promotionskolleg-migration.de\/en\/wp-json\/wp\/v2\/users\/6"}],"replies":[{"embeddable":true,"href":"https:\/\/promotionskolleg-migration.de\/en\/wp-json\/wp\/v2\/comments?post=140"}],"version-history":[{"count":96,"href":"https:\/\/promotionskolleg-migration.de\/en\/wp-json\/wp\/v2\/pages\/140\/revisions"}],"predecessor-version":[{"id":1525,"href":"https:\/\/promotionskolleg-migration.de\/en\/wp-json\/wp\/v2\/pages\/140\/revisions\/1525"}],"up":[{"embeddable":true,"href":"https:\/\/promotionskolleg-migration.de\/en\/wp-json\/wp\/v2\/pages\/25"}],"wp:attachment":[{"href":"https:\/\/promotionskolleg-migration.de\/en\/wp-json\/wp\/v2\/media?parent=140"}],"curies":[{"name":"wp","href":"https:\/\/api.w.org\/{rel}","templated":true}]}}