{"id":629,"date":"2020-05-27T17:59:07","date_gmt":"2020-05-27T15:59:07","guid":{"rendered":"https:\/\/promotionskolleg-migration.de\/?page_id=629"},"modified":"2021-01-13T18:54:53","modified_gmt":"2021-01-13T17:54:53","slug":"irina-dannert","status":"publish","type":"page","link":"https:\/\/promotionskolleg-migration.de\/en\/ueber-uns\/stipendiatinnen\/irina-dannert\/","title":{"rendered":"Irina Dannert"},"content":{"rendered":"<p><a href=\"http:\/\/promotionskolleg-migration.de\/en\/stipendiatinnen\/\">Back to Overview<\/a><\/p>\n<h6>About us &gt; Doctoral Researchers &gt; Irina Dannert<\/h6>\n<p><a href=\"https:\/\/promotionskolleg-migration.de\/en\/veranstaltungen-2\/\">Current Events<\/a><\/p>\n<h2>Irina Dannert<\/h2>\n<h4><a href=\"https:\/\/promotionskolleg-migration.de\/en\/stipendiatinnen\/\">Back to Overview<\/a><\/h4>\n<p>\t\t\t\t\t\t\t\t\t\t<img decoding=\"async\" width=\"139\" height=\"209\" data-src=\"https:\/\/promotionskolleg-migration.de\/wp-content\/uploads\/2020\/10\/irina-dannert_web.jpg\" alt=\"Irina Dannert Profil\" data-srcset=\"https:\/\/promotionskolleg-migration.de\/wp-content\/uploads\/2020\/10\/irina-dannert_web.jpg 139w, https:\/\/promotionskolleg-migration.de\/wp-content\/uploads\/2020\/10\/irina-dannert_web-8x12.jpg 8w\" data-sizes=\"(max-width: 139px) 100vw, 139px\" src=\"data:image\/svg+xml;base64,PHN2ZyB3aWR0aD0iMSIgaGVpZ2h0PSIxIiB4bWxucz0iaHR0cDovL3d3dy53My5vcmcvMjAwMC9zdmciPjwvc3ZnPg==\" class=\"lazyload\" style=\"--smush-placeholder-width: 139px; --smush-placeholder-aspect-ratio: 139\/209;\" \/>\t\t\t\t\t\t\t\t\t\t\t<\/p>\n<p><strong>Contact<\/strong><\/p>\n<p>Sigmund Freud Institute<br \/>Myliusstra\u00dfe 20<br \/>60323 Frankfurt am Main<br \/>Room U.10<\/p>\n<p>\u00a0<\/p>\n<p>Tel.: 069 971204-153<br \/>Fax: 069 971204-4<\/p>\n<p>\u00a0<\/p>\n<p>E-Mail: <a href=\"mailto:dannert@sigmund-freud-institut.de\" target=\"_blank\" rel=\"noopener noreferrer\">dannert@sigmund-freud-institut.de<\/a><\/p>\n\n<h4><strong>Vita<\/strong><\/h4>\n<p>Since 2016<br \/>Employee at \u201eFrankfurter Institut f\u00fcr Traumabearbeitung und Weiterbildung: focus: Education on trauma and leadership of psychoeduaction groups for minor refugees<\/p>\n<p>\u00a0<\/p>\n<p>2016 to 2018<br \/>Psychologist at \u201eHessischer Fl\u00fcchtlingsrat\u201c focus: awareness for trauma and work<\/p>\n<p>\u00a0<\/p>\n<p>2014 to 2015<br \/>Training in trauma education \u2013 \u201eFachkraft f\u00fcr die station\u00e4re und ambulante Betreuung traumatisierter Kinder und Jugendlicher\u201c<\/p>\n<p>\u00a0<\/p>\n<p>2012 to 2016<\/p>\n<p>Master of Science: Clinical Psychology Goethe Universit\u00e4t Frankfurt<\/p>\n<p>\u00a0<\/p>\n<p>2009 to 2012<br \/>Bachelor of Science: Rehabilitationpsychology Hochschule Magdeburg-Stendal, Stendal<\/p>\n<h4><strong>Research Focus<\/strong><\/h4>\n<ul>\n<li>Migration, flight, trauma<\/li>\n<li>adolescence, identity und transgenrational processes<\/li>\n<\/ul>\n<h4><strong>Research Projects<\/strong><\/h4>\n<h6><strong>As Part of the Research Program \u201ePsycho-Social Impacts of Migration and Flight \u2013 Generational Dynamics and Adolescent Processes\u201c:<\/strong><\/h6>\n<p>\u00a0<\/p>\n<p>PhD project about identity and attachment in accompanied adoloscent refugees<\/p>\n<h4><strong>Publications<\/strong><\/h4>\n<p>Rettenbach, R. &amp; Dannert. I. (2016) \u201eNetzgruppen\u201c. Beziehungsbasierte Psychoedukation f\u00fcr junge Menschen mit Fluchterfahrung. In I. Quindeau &amp; M. Rauwald (Hrsg.), \u00a0<em>Soziale Arbeit mit unbegleiteten minderj\u00e4hrigen Fl\u00fcchtlingen. Traumap\u00e4dagogische Konzepte f\u00fcr die Praxis\u00a0\u00a0<\/em>(S. 94-115). BELTZ-Juventa: Weinheim<\/p>\n<p>\u00a0<\/p>\n<p>Dannert, I.\u00a0 &amp; Mehranfard, H. (2016) Traumap\u00e4dagogik in der Praxis. Ein Boxprojekt f\u00fcr unbegleitete minderj\u00e4hrige Gefl\u00fcchtete. In I. Quindeau &amp; M. Rauwald (Hrsg<em>.),\u00a0 Soziale Arbeit mit unbegleiteten minderj\u00e4hrigen Fl\u00fcchtlingen. Traumap\u00e4dagogische Konzepte f\u00fcr die Praxis<\/em>\u00a0 (S. 94-115). BELTZ-Juventa: Weinheim<\/p>\n<h4><strong>Teaching<\/strong><\/h4>\n<p><strong>Winter Semester 2019\/2020<\/strong><\/p>\n<p><strong>Lecturer at \u201eEvangelische Hochschule Darmstadt \u2013 University of Applied Sciences\", Department: Social Work<\/strong><\/p>\n<p>Thema: &#8222;Herausforderungen im Feld der sozialen Arbeit im Umgang mit Menschen mit Fluchterfahrungen &#8211; Ideen zur Traumap\u00e4dagogik und Stabilisierung&#8220;<\/p>\n<p>\u00a0<\/p>\n<p><strong>Summer Semester 2019<\/strong><\/p>\n<p><strong>Lecturer at \u201eEvangelische Hochschule Darmstadt \u2013 University of Applied Sciences\", Department: Social Work<\/strong><\/p>\n<p>Thema: &#8222;Gewalt in der Familie gegen Frauen und Kinder: Traumata, Auswirkungen und Anforderungen an eine traumap\u00e4dagogische Soziale Arbeit&#8220;<\/p>\n<p>\u00a0<\/p>\n<p><strong>Winter Semester 2017\/2018<\/strong><\/p>\n<p><strong>Lecturer at \u201eEvangelische Hochschule Darmstadt \u2013 University of Applied Sciences\", <\/strong><strong>Department: Social Work<\/strong><br \/>Thema: \u201eVersorgungssituation von unbegleiteten minderj\u00e4hrigen Fl\u00fcchtlingen und Anforderungen an die Soziale Arbeit mit Fokus auf Traumap\u00e4dagogik\u201c<\/p>\n<p>\u00a0<\/p>\n<p><strong>Winter Semester 2017\/2018<\/strong><\/p>\n<p><strong>Lecturer at \u201eEvangelische Hochschule Darmstadt \u2013 University of Applied Sciences\",<\/strong> <strong>Department: Social Work<\/strong><br \/>Topic: Trauma and youth, \u201eSchool as a safe space for children and youth with trauma\u201c<\/p>\n<h4><strong><a href=\"https:\/\/promotionskolleg-migration.de\/en\/veranstaltungen-2\/\">Current Events<\/a><\/strong><\/h4>","protected":false},"excerpt":{"rendered":"<p>Zur\u00fcck zur \u00dcbersicht \u00dcber uns &gt; Stipendiat*innen &gt; irina dannert Aktuelle Veranstaltungen Irina Dannert Zur\u00fcck zur \u00dcbersicht Kontakt Sigmund-Freud-InstitutMyliusstra\u00dfe 2060323 Frankfurt am MainRaum U.10 \u00a0 Tel.: 069 971204-153Fax: 069 971204-4 \u00a0 E-Mail: dannert@sigmund-freud-institut.de Vita Seit 2016Mitarbeiterin am Frankfurter Institut f\u00fcr Traumabearbeitung und Weiterbildung: Schwerpunkt Weiterbildung zum Thema Trauma und Leitung psychoedukativer Gruppen f\u00fcr junge Gefl\u00fcchtete [&hellip;]<\/p>\n","protected":false},"author":6,"featured_media":0,"parent":27,"menu_order":0,"comment_status":"closed","ping_status":"closed","template":"elementor_header_footer","meta":{"site-sidebar-layout":"no-sidebar","site-content-layout":"page-builder","ast-site-content-layout":"default","site-content-style":"default","site-sidebar-style":"default","ast-global-header-display":"","ast-banner-title-visibility":"","ast-main-header-display":"","ast-hfb-above-header-display":"","ast-hfb-below-header-display":"","ast-hfb-mobile-header-display":"","site-post-title":"disabled","ast-breadcrumbs-content":"","ast-featured-img":"disabled","footer-sml-layout":"","ast-disable-related-posts":"","theme-transparent-header-meta":"default","adv-header-id-meta":"","stick-header-meta":"","header-above-stick-meta":"","header-main-stick-meta":"","header-below-stick-meta":"","astra-migrate-meta-layouts":"default","ast-page-background-enabled":"default","ast-page-background-meta":{"desktop":{"background-color":"","background-image":"","background-repeat":"repeat","background-position":"center center","background-size":"auto","background-attachment":"scroll","background-type":"","background-media":"","overlay-type":"","overlay-color":"","overlay-opacity":"","overlay-gradient":""},"tablet":{"background-color":"","background-image":"","background-repeat":"repeat","background-position":"center center","background-size":"auto","background-attachment":"scroll","background-type":"","background-media":"","overlay-type":"","overlay-color":"","overlay-opacity":"","overlay-gradient":""},"mobile":{"background-color":"","background-image":"","background-repeat":"repeat","background-position":"center center","background-size":"auto","background-attachment":"scroll","background-type":"","background-media":"","overlay-type":"","overlay-color":"","overlay-opacity":"","overlay-gradient":""}},"ast-content-background-meta":{"desktop":{"background-color":"var(--ast-global-color-5)","background-image":"","background-repeat":"repeat","background-position":"center center","background-size":"auto","background-attachment":"scroll","background-type":"","background-media":"","overlay-type":"","overlay-color":"","overlay-opacity":"","overlay-gradient":""},"tablet":{"background-color":"var(--ast-global-color-5)","background-image":"","background-repeat":"repeat","background-position":"center center","background-size":"auto","background-attachment":"scroll","background-type":"","background-media":"","overlay-type":"","overlay-color":"","overlay-opacity":"","overlay-gradient":""},"mobile":{"background-color":"var(--ast-global-color-5)","background-image":"","background-repeat":"repeat","background-position":"center center","background-size":"auto","background-attachment":"scroll","background-type":"","background-media":"","overlay-type":"","overlay-color":"","overlay-opacity":"","overlay-gradient":""}},"footnotes":""},"_links":{"self":[{"href":"https:\/\/promotionskolleg-migration.de\/en\/wp-json\/wp\/v2\/pages\/629"}],"collection":[{"href":"https:\/\/promotionskolleg-migration.de\/en\/wp-json\/wp\/v2\/pages"}],"about":[{"href":"https:\/\/promotionskolleg-migration.de\/en\/wp-json\/wp\/v2\/types\/page"}],"author":[{"embeddable":true,"href":"https:\/\/promotionskolleg-migration.de\/en\/wp-json\/wp\/v2\/users\/6"}],"replies":[{"embeddable":true,"href":"https:\/\/promotionskolleg-migration.de\/en\/wp-json\/wp\/v2\/comments?post=629"}],"version-history":[{"count":16,"href":"https:\/\/promotionskolleg-migration.de\/en\/wp-json\/wp\/v2\/pages\/629\/revisions"}],"predecessor-version":[{"id":1233,"href":"https:\/\/promotionskolleg-migration.de\/en\/wp-json\/wp\/v2\/pages\/629\/revisions\/1233"}],"up":[{"embeddable":true,"href":"https:\/\/promotionskolleg-migration.de\/en\/wp-json\/wp\/v2\/pages\/27"}],"wp:attachment":[{"href":"https:\/\/promotionskolleg-migration.de\/en\/wp-json\/wp\/v2\/media?parent=629"}],"curies":[{"name":"wp","href":"https:\/\/api.w.org\/{rel}","templated":true}]}}