{"id":638,"date":"2020-05-27T18:32:02","date_gmt":"2020-05-27T16:32:02","guid":{"rendered":"https:\/\/promotionskolleg-migration.de\/?page_id=638"},"modified":"2021-01-13T18:07:24","modified_gmt":"2021-01-13T17:07:24","slug":"ina-kulic","status":"publish","type":"page","link":"https:\/\/promotionskolleg-migration.de\/en\/ueber-uns\/stipendiatinnen\/ina-kulic\/","title":{"rendered":"Ina Kuli\u0107"},"content":{"rendered":"<p><a href=\"http:\/\/promotionskolleg-migration.de\/en\/stipendiatinnen\/\">Back to Overview<\/a><\/p>\n<h6>About us &gt; Doctoral Researchers &gt; Ina Kuli\u0106<\/h6>\n<p><a href=\"https:\/\/promotionskolleg-migration.de\/en\/veranstaltungen-2\/\">Current Events<\/a><\/p>\n<h2>Ina Kuli\u0107<\/h2>\n<h4><a href=\"https:\/\/promotionskolleg-migration.de\/en\/stipendiatinnen\/\">Back to Overview<\/a><\/h4>\n<p><strong>Contact<\/strong><\/p>\n<p>Sigmund Freud Institute<br \/>Myliusstra\u00dfe 20<br \/>60323 Frankfurt am Main<br \/>Room U.11<\/p>\n<p>\u00a0<\/p>\n<p>Tel. 069 971204-154<br \/>Fax 069 971204-4<\/p>\n<p>\u00a0<br \/>E-Mail: <a href=\"mailto:kulic@sigmund-freud-institut.de\" target=\"_blank\" rel=\"noopener noreferrer\">kulic@sigmund-freud-institut.de<\/a><\/p>\n\n<h4><strong>Vita<\/strong><\/h4>\n<p><strong>Since 2018<\/strong><\/p>\n<p>PhD project on psychosocial refuge consequences for young women and their families as part of the Doctoral research program \u201ePsycho-social impacts of migration and flight \u2013 generational dynamics and adolescent processes\u201c<\/p>\n<p>\u00a0<\/p>\n<p><strong>2011-2018<\/strong><\/p>\n<p>Bachelor\u2019s and Master\u2019s Degree in Sociology with focus on psychoanalytic social psychology at Goethe University Frankfurt<\/p>\n<p>\u00a0<\/p>\n<p><strong>2012-2017<\/strong><\/p>\n<p>Projektbezogene Nebenbesch\u00e4ftigung am Fortbildungs- und Beratungsinstitut f\u00fcr Psychoanalyse, Supervision und Organisationsentwicklung inscape GmbH, K\u00f6ln<\/p>\n<p>\u00a0\u00a0<\/p>\n<p><strong>2012-2015<\/strong><\/p>\n<p>Internship and Student Assistant at the Sigmund Freud Institute<\/p>\n<p>\u00a0\u00a0<\/p>\n<p><strong>2011 \u2013 2017<\/strong><br \/>Scholarship of the Federal Ministry of Education and Research, awarded by Hans-Boeckler-Foundation<strong>\u00a0\u00a0<\/strong><\/p>\n<h4><strong>Research Focus<\/strong><\/h4>\n<ul>\n<li>Migration, flight, trauma<\/li>\n<li>Psychological and psychosocial impacts of flight<\/li>\n<li>Adolescence, identity and transgenerational processes<\/li>\n<\/ul>\n<h4><strong>Lectures<\/strong><\/h4>\n<p>01\/2020: Guest lecture \u201e\u2026 <em>mich gibt\u2019s ja eigentlich nur nach dem Krieg, aber f\u00fcr mich gibt\u2019s trotzdem ein vor dem Krieg<\/em> \u2013 kulturelle Selbstpositionierungsprozesse im Kontext von Fluchterfahrungen\u201c at Goethe University (Frankfurt), Institute of Sociology within the master seminar \"Migration and Flight\"<\/p>\n<p>\u00a0<\/p>\n<p>01\/2020: Gastvortrag \u201eTransgenerationale Weitergabe (unbew\u00e4ltigter) Fluchterfahrungen\u201c, an der Leibniz-Universit\u00e4t Hannover im Rahmen des Masterseminars \u201eSelbstentwicklung und Identit\u00e4tsarbeit in der Adoleszenz \u2013 Implikationen f\u00fcr die \u00dcbergangsbegleitung Schule\/Beruf\u201c am Institut f\u00fcr Sonderp\u00e4dagogik<\/p>\n<p>\u00a0<\/p>\n<p>09\/2019 Poster presentation: Transgenerationale Weitergabe von Fluchterfahrungen in Familien aus dem ehemaligen Jugoslawien \u2013 psychosoziale Folgen f\u00fcr adoleszente Entwicklungen und kulturelle Selbstpositionierungen , Einf\u00fchrungsseminar f\u00fcr Promotionsstipendiaten der Hans-B\u00f6ckler-Stiftung<\/p>\n<p>\u00a0<\/p>\n<p>05\/2019 Lecture: \u201ePsychosoziale Bedeutung von Selbstkulturalisierungsprozessen adoleszenter Frauen mit Fluchterfahrung. Eine intergenerationale Untersuchung am Beispiel von Gefl\u00fcchteten aus dem ehemaligen Jugoslawien\u201c im Rahmen des Auftaktworkshops des Promotionskollegs \u201ePsychosoziale Folgen von Migration und Flucht \u2013 generationale Dynamiken und adoleszente Verl\u00e4ufe\u201c am Sigmund-Freud-Institut, Frankfurt am Main<\/p>\n<h4><strong>Publications<\/strong><\/h4>\n<p>Christina Frieske C., Fritsch, J. S., Kuli\u0107, I., Wojciechowski A. (2018): Neu in der F\u00fchrungsposition \u2013 Junge F\u00fchrungskr\u00e4fte zwischen Unerfahrenheit und Verantwortungs\u00fcbernahme, in: Widerstand und F\u00fcrsorge. Beitr\u00e4ge zum Thema Psychoanalyse und Gesellschaft. Schriften des Sigmund-Freud-Instituts. Reihe 3: Psychoanalytische Sozialpsychologie, Band 8.\u00a0Schweder, P., Augello von Zadow, E., L\u00f6hlein, M.-S., Lohl, J. (Hg.). G\u00f6ttingen, Vandenhoeck &amp; Ruprecht, S.115-140.<\/p>\n<h4><strong><a href=\"https:\/\/promotionskolleg-migration.de\/en\/veranstaltungen-2\/\">Current Events<\/a><\/strong><\/h4>","protected":false},"excerpt":{"rendered":"<p>Zur\u00fcck zur \u00dcbersicht \u00dcber uns &gt; Stipendiat*innen &gt; Ina Kuli\u0106 Aktuelle Veranstaltungen Ina Kuli\u0107 Zur\u00fcck zur \u00dcbersicht Kontakt Sigmund-Freud-InstitutMyliusstra\u00dfe 2060323 Frankfurt am MainRaum U.11 \u00a0 Telefon 069 971204-154Telefax 069 971204-4 \u00a0E-Mail: kulic@sigmund-freud-institut.de Vita seit 2019 Doktorandin im Promotionskolleg am Sigmund-Freud-Institut im Schwerpunkt Sozialpsychologie, gef\u00f6rdert durch die Hans-B\u00f6ckler-Stiftung \u00a0 2011-2018 Bachelor- und Masterabschluss in Soziologie, Schwerpunkt [&hellip;]<\/p>\n","protected":false},"author":6,"featured_media":0,"parent":27,"menu_order":0,"comment_status":"closed","ping_status":"closed","template":"elementor_header_footer","meta":{"site-sidebar-layout":"no-sidebar","site-content-layout":"page-builder","ast-site-content-layout":"default","site-content-style":"default","site-sidebar-style":"default","ast-global-header-display":"","ast-banner-title-visibility":"","ast-main-header-display":"","ast-hfb-above-header-display":"","ast-hfb-below-header-display":"","ast-hfb-mobile-header-display":"","site-post-title":"disabled","ast-breadcrumbs-content":"","ast-featured-img":"disabled","footer-sml-layout":"","ast-disable-related-posts":"","theme-transparent-header-meta":"default","adv-header-id-meta":"","stick-header-meta":"","header-above-stick-meta":"","header-main-stick-meta":"","header-below-stick-meta":"","astra-migrate-meta-layouts":"default","ast-page-background-enabled":"default","ast-page-background-meta":{"desktop":{"background-color":"","background-image":"","background-repeat":"repeat","background-position":"center center","background-size":"auto","background-attachment":"scroll","background-type":"","background-media":"","overlay-type":"","overlay-color":"","overlay-opacity":"","overlay-gradient":""},"tablet":{"background-color":"","background-image":"","background-repeat":"repeat","background-position":"center center","background-size":"auto","background-attachment":"scroll","background-type":"","background-media":"","overlay-type":"","overlay-color":"","overlay-opacity":"","overlay-gradient":""},"mobile":{"background-color":"","background-image":"","background-repeat":"repeat","background-position":"center center","background-size":"auto","background-attachment":"scroll","background-type":"","background-media":"","overlay-type":"","overlay-color":"","overlay-opacity":"","overlay-gradient":""}},"ast-content-background-meta":{"desktop":{"background-color":"var(--ast-global-color-5)","background-image":"","background-repeat":"repeat","background-position":"center center","background-size":"auto","background-attachment":"scroll","background-type":"","background-media":"","overlay-type":"","overlay-color":"","overlay-opacity":"","overlay-gradient":""},"tablet":{"background-color":"var(--ast-global-color-5)","background-image":"","background-repeat":"repeat","background-position":"center center","background-size":"auto","background-attachment":"scroll","background-type":"","background-media":"","overlay-type":"","overlay-color":"","overlay-opacity":"","overlay-gradient":""},"mobile":{"background-color":"var(--ast-global-color-5)","background-image":"","background-repeat":"repeat","background-position":"center center","background-size":"auto","background-attachment":"scroll","background-type":"","background-media":"","overlay-type":"","overlay-color":"","overlay-opacity":"","overlay-gradient":""}},"footnotes":""},"_links":{"self":[{"href":"https:\/\/promotionskolleg-migration.de\/en\/wp-json\/wp\/v2\/pages\/638"}],"collection":[{"href":"https:\/\/promotionskolleg-migration.de\/en\/wp-json\/wp\/v2\/pages"}],"about":[{"href":"https:\/\/promotionskolleg-migration.de\/en\/wp-json\/wp\/v2\/types\/page"}],"author":[{"embeddable":true,"href":"https:\/\/promotionskolleg-migration.de\/en\/wp-json\/wp\/v2\/users\/6"}],"replies":[{"embeddable":true,"href":"https:\/\/promotionskolleg-migration.de\/en\/wp-json\/wp\/v2\/comments?post=638"}],"version-history":[{"count":15,"href":"https:\/\/promotionskolleg-migration.de\/en\/wp-json\/wp\/v2\/pages\/638\/revisions"}],"predecessor-version":[{"id":1227,"href":"https:\/\/promotionskolleg-migration.de\/en\/wp-json\/wp\/v2\/pages\/638\/revisions\/1227"}],"up":[{"embeddable":true,"href":"https:\/\/promotionskolleg-migration.de\/en\/wp-json\/wp\/v2\/pages\/27"}],"wp:attachment":[{"href":"https:\/\/promotionskolleg-migration.de\/en\/wp-json\/wp\/v2\/media?parent=638"}],"curies":[{"name":"wp","href":"https:\/\/api.w.org\/{rel}","templated":true}]}}